{"id":3102,"date":"2023-05-09T20:05:14","date_gmt":"2023-05-09T23:05:14","guid":{"rendered":"http:\/\/15.228.38.4\/?page_id=3102"},"modified":"2023-05-15T16:24:10","modified_gmt":"2023-05-15T19:24:10","slug":"eu-tenho-uma-voz","status":"publish","type":"page","link":"https:\/\/www.childhood.org.br\/eu-tenho-uma-voz\/","title":{"rendered":"Eu tenho uma voz"},"content":{"rendered":"\n\t\t<figure class=\"wp-block-image my-4 my-md-5 \">\n\t\t\t<picture>\n\t\t\t\t<source media=\"(max-width: 799px)\" srcset=\"https:\/\/www.childhood.org.br\/wp-content\/uploads\/2023\/05\/todesplay-eu-tenho-voz-768x432.jpg\">\n\t\t\t\t<source media=\"(min-width: 800px)\" srcset=\"https:\/\/www.childhood.org.br\/wp-content\/uploads\/2023\/05\/todesplay-eu-tenho-voz.jpg\">\n\t\t\t\t<img decoding=\"async\" src=\"https:\/\/www.childhood.org.br\/wp-content\/uploads\/2023\/05\/todesplay-eu-tenho-voz.jpg\" alt=\"\" class=\"w-100 \" loading=\"lazy\">\n\t\t\t<\/picture>\n\n\t\t\t\t\t<\/figure>\n\n\t\t\n\n\n<div style=\"height:40px\" aria-hidden=\"true\" class=\"wp-block-spacer\"><\/div>\n\n\n\n\n\n<div style=\"height:30px\" aria-hidden=\"true\" class=\"wp-block-spacer\"><\/div>\n\n\n<p>Gabi \u00e9 a personagem principal desse musical de 8 minutos e sua hist\u00f3ria \u00e9 apresentada em tr\u00eas tempos: 8, 13 e 32 anos de idade. A ideia \u00e9 mostrar para o p\u00fablico como a viol\u00eancia marcou a sua vida e que o problema n\u00e3o deixa de existir quando se escolhe n\u00e3o falar sobre ele \u2013 pelo contr\u00e1rio.\u00a0<\/p>\n\n\n<div style=\"height:40px\" aria-hidden=\"true\" class=\"wp-block-spacer\"><\/div>\n\n\n\n<figure class=\"wp-block-pullquote\"><blockquote><p><em>\u201cUma parte importante do problema da <strong>viol\u00eancia sexual contra crian\u00e7as e adolescentes<\/strong> \u00e9 a falta de conversa. Precisamos ouvir as v\u00edtimas e entender que, muitas vezes, meninos e meninas se expressam para al\u00e9m da voz, seja por meio de gestos, desenhos, comportamentos e at\u00e9 mesmo com o sil\u00eancio\u201d<\/em>, ressalta La\u00eds Peretto, diretora executiva da Childhood Brasil.<\/p><\/blockquote><\/figure>\n\n\n\n<div style=\"height:40px\" aria-hidden=\"true\" class=\"wp-block-spacer\"><\/div>\n\n\n\n<p>Assim como ocorre no filme, <strong>dados estat\u00edsticos<\/strong> alertam que o abuso sexual contra crian\u00e7as e adolescentes acontece, em sua maioria, nas casas e por pessoas pr\u00f3ximas \u00e0 v\u00edtima. S\u00e3o milhares de meninos e meninas violentados sexualmente a cada ano por um crime que n\u00e3o tem classe social ou perfil \u00fanico de v\u00edtima ou abusador.<\/p>\n\n\n\n<p><br>Por se tratar de um tema dif\u00edcil, a sociedade encara a viol\u00eancia sexual de crian\u00e7as e adolescentes como um tabu. Quanto menos falamos sobre esse assunto, maior \u00e9 o sil\u00eancio em volta dos casos. E quanto maior o sil\u00eancio, maior \u00e9 o sofrimento e o impacto da viol\u00eancia em suas v\u00edtimas.<\/p>\n\n\n\n<div class=\"wp-block-columns is-layout-flex wp-container-core-columns-is-layout-9d6595d7 wp-block-columns-is-layout-flex\">\n<div class=\"wp-block-column is-layout-flow wp-block-column-is-layout-flow\" style=\"flex-basis:100%\">\n<p><br>Com uma abordagem sens\u00edvel e certeira, o <strong>filme \u201cEu Tenho uma Voz\u201d<\/strong> tem o potencial de conscientizar a popula\u00e7\u00e3o sobre este tema, abrindo espa\u00e7o para di\u00e1logo e informa\u00e7\u00e3o. Precisamos falar e precisamos ouvir as pessoas de forma respeitosa e atenta sobre esse tema.<\/p>\n<\/div>\n<\/div>\n\n\n\n<div style=\"height:40px\" aria-hidden=\"true\" class=\"wp-block-spacer\"><\/div>\n\n\n\n<hr class=\"wp-block-separator has-alpha-channel-opacity w-40 mx-auto border-ch-blue border-t-2\"\/>\n\n\n\n<p><br><strong>O primeiro passo para proteger crian\u00e7as e adolescentes do abuso sexual \u00e9 a informa\u00e7\u00e3o.<\/strong><\/p>\n\n\n\n<div style=\"height:40px\" aria-hidden=\"true\" class=\"wp-block-spacer\"><\/div>\n\n\n\n<figure class=\"wp-block-embed is-type-video is-provider-youtube wp-block-embed-youtube wp-embed-aspect-16-9 wp-has-aspect-ratio\"><div class=\"wp-block-embed__wrapper\">\n<div class=\"ratio ratio-16x9\"><iframe loading=\"lazy\" title=\"&quot;Eu Tenho Uma Voz&quot; Trailer oficial\" width=\"500\" height=\"281\" src=\"https:\/\/www.youtube.com\/embed\/D6X14GxctOY?feature=oembed\" frameborder=\"0\" allow=\"accelerometer; autoplay; clipboard-write; encrypted-media; gyroscope; picture-in-picture; web-share\" referrerpolicy=\"strict-origin-when-cross-origin\" allowfullscreen><\/iframe><\/div>\n<\/div><\/figure>\n\n\n\n\n\n<p>O abuso sexual de crian\u00e7as e adolescentes \u00e9 uma viol\u00eancia sexual. Ela acontece quando h\u00e1 uma rela\u00e7\u00e3o ou jogo sexual entre um adulto e uma crian\u00e7a ou adolescente, com o objetivo de satisfa\u00e7\u00e3o desse adulto e\/ou de outros adultos. Pode acontecer por meio de amea\u00e7a f\u00edsica e\/ou verbal, ou por sedu\u00e7\u00e3o. De acordo com os dados dispon\u00edveis, a maioria dos casos, \u00e9 cometido por uma pessoa conhecida da crian\u00e7a ou adolescente, em geral, um familiar.<\/p>\n\n\n\n<div style=\"height:40px\" aria-hidden=\"true\" class=\"wp-block-spacer\"><\/div>\n\n\n\n<p>Ao contr\u00e1rio do que muita gente pensa, o abuso n\u00e3o acontece s\u00f3 com o contato f\u00edsico. Car\u00edcias, falas erotizadas, exibicionismo, voyeurismo (prazer em olhar), exibi\u00e7\u00e3o de material pornogr\u00e1fico, sexo oral, dentre outros, tamb\u00e9m s\u00e3o <strong>formas de viol\u00eancia sexual<\/strong>.<\/p>\n\n\n\n<div style=\"height:40px\" aria-hidden=\"true\" class=\"wp-block-spacer\"><\/div>\n\n\n\n<figure class=\"wp-block-pullquote\"><blockquote><p>Chamamos de <strong>abuso sexual intrafamiliar<\/strong> quando \u00e9 cometido por algu\u00e9m da fam\u00edlia da crian\u00e7a ou do adolescente, e extrafamiliar quando \u00e9 cometido por uma pessoa que n\u00e3o \u00e9 da fam\u00edlia. Mas mesmo os casos extrafamiliares s\u00e3o mais frequentemente cometidos por pessoas que as crian\u00e7as e os adolescentes conhecem.<\/p><\/blockquote><\/figure>\n\n\n\n<div style=\"height:40px\" aria-hidden=\"true\" class=\"wp-block-spacer\"><\/div>\n\n\n\n<p>Embora o abuso sexual seja geralmente cometido por pessoas mais velhas, n\u00e3o \u00e9 incomum os registros de situa\u00e7\u00f5es abusivas entre pessoas da mesma idade ou por adolescentes em rela\u00e7\u00e3o a crian\u00e7as.<\/p>\n\n\n\n<div style=\"height:40px\" aria-hidden=\"true\" class=\"wp-block-spacer\"><\/div>\n\n\n\n<p>As situa\u00e7\u00f5es de abuso sexual n\u00e3o envolvem pagamento ou gratifica\u00e7\u00e3o da crian\u00e7a ou adolescente ou de algum intermedi\u00e1rio. Quando isso acontece, vira <strong>explora\u00e7\u00e3o sexual<\/strong>!<\/p>\n\n\n\n<div style=\"height:40px\" aria-hidden=\"true\" class=\"wp-block-spacer\"><\/div>\n\n\n\n<hr class=\"wp-block-separator has-alpha-channel-opacity w-40 mx-auto border-ch-blue border-t-2 is-style-default\"\/>\n\n\n\n<div style=\"height:30px\" aria-hidden=\"true\" class=\"wp-block-spacer\"><\/div>\n\n\n\n\n\n<p>Um ter\u00e7o de toda a popula\u00e7\u00e3o brasileira s\u00e3o crian\u00e7as e adolescentes. S\u00e3o quase 69 milh\u00f5es de pessoas que precisam ser cuidadas e protegidas para que nenhuma forma de viol\u00eancia prejudique seu pleno desenvolvimento f\u00edsico e emocional. Lembrando que crian\u00e7as s\u00e3o todas aquelas de 0 a 12 anos incompletos &#8211; e adolescentes, de 12 a 18 anos incompletos.<\/p>\n\n\n\n<div style=\"height:30px\" aria-hidden=\"true\" class=\"wp-block-spacer\"><\/div>\n\n\n\n<p><strong>Infelizmente, estamos falhando com eles.<\/strong><\/p>\n\n\n\n<div style=\"height:30px\" aria-hidden=\"true\" class=\"wp-block-spacer\"><\/div>\n\n\n\n<p>N\u00e3o h\u00e1 dados suficientes e completos para saber o tamanho real do fen\u00f4meno da <strong>viol\u00eancia sexual contra crian\u00e7as e adolescentes<\/strong> no Brasil. Isso se d\u00e1 tanto pela falta de integra\u00e7\u00e3o dos dados dos \u00f3rg\u00e3os respons\u00e1veis como pela imensa subnotifica\u00e7\u00e3o das den\u00fancias. Estima-se que apenas 10% dos casos de abuso e explora\u00e7\u00e3o sexual contra crian\u00e7as e adolescentes sejam, de fato, notificados \u00e0s autoridades.<\/p>\n\n\n\n<div style=\"height:40px\" aria-hidden=\"true\" class=\"wp-block-spacer\"><\/div>\n\n\n\n<p>Ainda assim, os dados dispon\u00edveis j\u00e1 assustam bastante:<\/p>\n\n\n\n<div style=\"height:30px\" aria-hidden=\"true\" class=\"wp-block-spacer\"><\/div>\n\n\n\n\t\t<figure class=\"wp-block-image my-4 my-md-5 \">\n\t\t\t<picture>\n\t\t\t\t<source media=\"(max-width: 799px)\" srcset=\"https:\/\/www.childhood.org.br\/wp-content\/uploads\/2023\/05\/eu-tenho-uma-voz-infografico-abuso-infantil-768x432.png\">\n\t\t\t\t<source media=\"(min-width: 800px)\" srcset=\"https:\/\/www.childhood.org.br\/wp-content\/uploads\/2023\/05\/eu-tenho-uma-voz-infografico-abuso-infantil.png\">\n\t\t\t\t<img decoding=\"async\" src=\"https:\/\/www.childhood.org.br\/wp-content\/uploads\/2023\/05\/eu-tenho-uma-voz-infografico-abuso-infantil.png\" alt=\"\" class=\"w-100 \" loading=\"lazy\">\n\t\t\t<\/picture>\n\n\t\t\t\t\t<\/figure>\n\n\t\t\n\n\n<div style=\"height:40px\" aria-hidden=\"true\" class=\"wp-block-spacer\"><\/div>\n\n\n\n<p><strong>Nenhuma crian\u00e7a ou adolescente deve ser v\u00edtima de qualquer tipo de viol\u00eancia sexual.<\/strong><\/p>\n\n\n\n\n\n<p>\u00c9 importante reconhecer situa\u00e7\u00f5es de abuso sexual para que se possa dar encaminhamento adequado para as v\u00edtimas e seus familiares, al\u00e9m de responsabilizar o agressor. Quanto mais cedo os casos forem identificados, maiores as chances de amenizar o trauma e as consequ\u00eancias sociais, psicol\u00f3gicas e f\u00edsicas.<\/p>\n\n\n\n<div style=\"height:40px\" aria-hidden=\"true\" class=\"wp-block-spacer\"><\/div>\n\n\n\n<p><strong>Ou seja, \u00e9 importante ter um olhar cuidadoso para identificar os sinais de que crian\u00e7as e adolescentes possam estar sendo v\u00edtimas de viol\u00eancia sexual.<\/strong> Temos uma lista de sinais que podem sugerir uma situa\u00e7\u00e3o de viol\u00eancia. Mas aten\u00e7\u00e3o, pois a exist\u00eancia de um ou mais sinais nem sempre indica a viol\u00eancia sexual. Cabe aos \u00f3rg\u00e3os encarregados da investiga\u00e7\u00e3o apurar se houve, de fato, ou n\u00e3o a agress\u00e3o. A n\u00f3s, cabe acionar as autoridades ou \u00f3rg\u00e3os competentes.<\/p>\n\n\n\n<div style=\"height:40px\" aria-hidden=\"true\" class=\"wp-block-spacer\"><\/div>\n\n\n\n<p><strong>Sinais de abuso infantil<\/strong> incluem:<\/p>\n\n\n\n<div style=\"height:30px\" aria-hidden=\"true\" class=\"wp-block-spacer\"><\/div>\n\n\n\n\t\t<figure class=\"wp-block-image my-4 my-md-5 \">\n\t\t\t<picture>\n\t\t\t\t<source media=\"(max-width: 799px)\" srcset=\"https:\/\/www.childhood.org.br\/wp-content\/uploads\/2023\/05\/tenho-uma-voz-abuso-infantil-768x405.jpg\">\n\t\t\t\t<source media=\"(min-width: 800px)\" srcset=\"https:\/\/www.childhood.org.br\/wp-content\/uploads\/2023\/05\/tenho-uma-voz-abuso-infantil-scaled.jpg\">\n\t\t\t\t<img decoding=\"async\" src=\"https:\/\/www.childhood.org.br\/wp-content\/uploads\/2023\/05\/tenho-uma-voz-abuso-infantil-scaled.jpg\" alt=\"\" class=\"w-100 \" loading=\"lazy\">\n\t\t\t<\/picture>\n\n\t\t\t\t\t<\/figure>\n\n\t\t\n\n\n<div style=\"height:30px\" aria-hidden=\"true\" class=\"wp-block-spacer\"><\/div>\n\n\n\n\n\n<div style=\"height:40px\" aria-hidden=\"true\" class=\"wp-block-spacer\"><\/div>\n\n\n\n<p>Lembrando que a viol\u00eancia sexual contra crian\u00e7as e adolescentes esta presente em todas as classes sociais e composi\u00e7\u00f5es familiares, contrariando mitos de que ele ocorre apenas em fam\u00edlias pobres e disfuncionais.<\/p>\n\n\n\n<div style=\"height:40px\" aria-hidden=\"true\" class=\"wp-block-spacer\"><\/div>\n\n\n\n\n\n<div style=\"height:20px\" aria-hidden=\"true\" class=\"wp-block-spacer\"><\/div>\n\n\n\n<p>As <strong>consequ\u00eancias do abuso<\/strong> podem acompanhar crian\u00e7as e adolescentes pela vida toda. Nem sempre os impactos s\u00e3o vis\u00edveis ou imediatos.<\/p>\n\n\n\n<div style=\"height:40px\" aria-hidden=\"true\" class=\"wp-block-spacer\"><\/div>\n\n\n\n\n\n\n\n\n\n\n\n\n\n<div style=\"height:40px\" aria-hidden=\"true\" class=\"wp-block-spacer\"><\/div>\n\n\n\n\n\n\n\n\n\n\n\n\n\n<div style=\"height:40px\" aria-hidden=\"true\" class=\"wp-block-spacer\"><\/div>\n\n\n\n\n\n\n\n\n\n\n\n\n\n\n\n\n\n\n\n<div style=\"height:40px\" aria-hidden=\"true\" class=\"wp-block-spacer\"><\/div>\n\n\n\n\n\n\n\n<div style=\"height:40px\" aria-hidden=\"true\" class=\"wp-block-spacer\"><\/div>\n\n\n\n<div style=\"height:30px\" aria-hidden=\"true\" class=\"wp-block-spacer\"><\/div>\n\n\n\n<hr class=\"wp-block-separator has-alpha-channel-opacity w-40 mx-auto border-ch-blue border-t-2 is-style-default\"\/>\n\n\n\n<div style=\"height:30px\" aria-hidden=\"true\" class=\"wp-block-spacer\"><\/div>\n\n\n\n\n\n<p>\u00c9 muito impactante quando desconfiamos ou confirmamos que uma crian\u00e7a ou adolescente pr\u00f3ximo do nosso conv\u00edvio tenha sido v\u00edtima de abuso sexual. Muitas vezes ouvimos sem saber como agir ou o que fazer. Dependendo da forma como a viol\u00eancia se deu, o autor e do tempo que a crian\u00e7a ou adolescente est\u00e1 nessa situa\u00e7\u00e3o, ser\u00e3o necess\u00e1rios alguns servi\u00e7os m\u00e9dicos, sociais e psicol\u00f3gicos para apoi\u00e1-lo. <strong>E cada um deles tem um papel importante<\/strong>.<\/p>\n\n\n\n<div style=\"height:30px\" aria-hidden=\"true\" class=\"wp-block-spacer\"><\/div>\n\n\n\n<p><strong>Se a crian\u00e7a ou adolescente pedir ajuda, nosso papel \u00e9 acolher, acreditar e n\u00e3o julgar.<\/strong><\/p>\n\n\n\n\n\n<p>&nbsp;A Childhood Brasil desenvolveu uma s\u00e9rie de v\u00eddeos educativos para cada servi\u00e7o em rela\u00e7\u00e3o a Lei de Escuta Protegida (Lei 13.431\/2017). Saiba como cada servi\u00e7o deve agir:<\/p>\n\n\n\n<p>\u202f\u202f<\/p>\n\n\n\n\n<figure class=\"wp-block-embed is-type-video is-provider-youtube wp-block-embed-youtube wp-embed-aspect-16-9 wp-has-aspect-ratio\"><div class=\"wp-block-embed__wrapper\">\n<div class=\"ratio ratio-16x9\"><iframe loading=\"lazy\" title=\"A Lei da Escuta Protegida | V\u00eddeos\" width=\"500\" height=\"281\" src=\"https:\/\/www.youtube.com\/embed\/videoseries?list=PL6ezBjfEAXFmh3j6zUXxzybng8y5_xesU\" frameborder=\"0\" allow=\"accelerometer; autoplay; clipboard-write; encrypted-media; gyroscope; picture-in-picture; web-share\" referrerpolicy=\"strict-origin-when-cross-origin\" allowfullscreen><\/iframe><\/div>\n<\/div><\/figure>\n\n\n\n\n<div style=\"height:40px\" aria-hidden=\"true\" class=\"wp-block-spacer\"><\/div>\n\n\n\n\n\n\n\n<div style=\"height:40px\" aria-hidden=\"true\" class=\"wp-block-spacer\"><\/div>\n\n\n\n\n\n<div style=\"height:20px\" aria-hidden=\"true\" class=\"wp-block-spacer\"><\/div>\n\n\n","protected":false},"excerpt":{"rendered":"<p>Gabi \u00e9 a personagem principal desse musical de 8 minutos e sua hist\u00f3ria \u00e9 apresentada em tr\u00eas tempos: 8, 13 e 32 anos de idade. A ideia \u00e9 mostrar para o p\u00fablico como a viol\u00eancia marcou a sua vida e que o problema n\u00e3o deixa de existir quando se escolhe n\u00e3o falar sobre ele \u2013 [&hellip;]<\/p>\n","protected":false},"author":1,"featured_media":0,"parent":0,"menu_order":0,"comment_status":"closed","ping_status":"closed","template":"","meta":{"_acf_changed":false,"footnotes":""},"page_group":[],"class_list":["post-3102","page","type-page","status-publish","hentry"],"acf":[],"yoast_head":"<!-- This site is optimized with the Yoast SEO plugin v19.14 - https:\/\/yoast.com\/wordpress\/plugins\/seo\/ -->\n<title>Eu tenho uma voz - Childhood Brasil<\/title>\n<meta name=\"robots\" content=\"index, follow, max-snippet:-1, max-image-preview:large, max-video-preview:-1\" \/>\n<link rel=\"canonical\" href=\"https:\/\/www.childhood.org.br\/eu-tenho-uma-voz\/\" \/>\n<meta property=\"og:locale\" content=\"pt_BR\" \/>\n<meta property=\"og:type\" content=\"article\" \/>\n<meta property=\"og:title\" content=\"Eu tenho uma voz - Childhood Brasil\" \/>\n<meta property=\"og:description\" content=\"Gabi \u00e9 a personagem principal desse musical de 8 minutos e sua hist\u00f3ria \u00e9 apresentada em tr\u00eas tempos: 8, 13 e 32 anos de idade. A ideia \u00e9 mostrar para o p\u00fablico como a viol\u00eancia marcou a sua vida e que o problema n\u00e3o deixa de existir quando se escolhe n\u00e3o falar sobre ele \u2013 [&hellip;]\" \/>\n<meta property=\"og:url\" content=\"https:\/\/www.childhood.org.br\/eu-tenho-uma-voz\/\" \/>\n<meta property=\"og:site_name\" content=\"Childhood Brasil\" \/>\n<meta property=\"article:modified_time\" content=\"2023-05-15T19:24:10+00:00\" \/>\n<meta property=\"og:image\" content=\"https:\/\/ch-wordpress.s3.amazonaws.com\/uploads\/2023\/05\/todesplay-eu-tenho-voz.jpg\" \/>\n<meta name=\"twitter:card\" content=\"summary_large_image\" \/>\n<meta name=\"twitter:label1\" content=\"Est. tempo de leitura\" \/>\n\t<meta name=\"twitter:data1\" content=\"6 minutos\" \/>\n<script type=\"application\/ld+json\" class=\"yoast-schema-graph\">{\"@context\":\"https:\/\/schema.org\",\"@graph\":[{\"@type\":\"WebPage\",\"@id\":\"https:\/\/www.childhood.org.br\/eu-tenho-uma-voz\/\",\"url\":\"https:\/\/www.childhood.org.br\/eu-tenho-uma-voz\/\",\"name\":\"Eu tenho uma voz - Childhood Brasil\",\"isPartOf\":{\"@id\":\"https:\/\/www.childhood.org.br\/#website\"},\"datePublished\":\"2023-05-09T23:05:14+00:00\",\"dateModified\":\"2023-05-15T19:24:10+00:00\",\"breadcrumb\":{\"@id\":\"https:\/\/www.childhood.org.br\/eu-tenho-uma-voz\/#breadcrumb\"},\"inLanguage\":\"pt-BR\",\"potentialAction\":[{\"@type\":\"ReadAction\",\"target\":[\"https:\/\/www.childhood.org.br\/eu-tenho-uma-voz\/\"]}]},{\"@type\":\"BreadcrumbList\",\"@id\":\"https:\/\/www.childhood.org.br\/eu-tenho-uma-voz\/#breadcrumb\",\"itemListElement\":[{\"@type\":\"ListItem\",\"position\":1,\"name\":\"Home\",\"item\":\"https:\/\/www.childhood.org.br\/\"},{\"@type\":\"ListItem\",\"position\":2,\"name\":\"Eu tenho uma voz\"}]},{\"@type\":\"WebSite\",\"@id\":\"https:\/\/www.childhood.org.br\/#website\",\"url\":\"https:\/\/www.childhood.org.br\/\",\"name\":\"Childhood Brasil\",\"description\":\"Pioneiros na luta contra o abuso e a explora\u00e7\u00e3o sexual DE crian\u00e7as e adolescentes\",\"potentialAction\":[{\"@type\":\"SearchAction\",\"target\":{\"@type\":\"EntryPoint\",\"urlTemplate\":\"https:\/\/www.childhood.org.br\/?s={search_term_string}\"},\"query-input\":\"required name=search_term_string\"}],\"inLanguage\":\"pt-BR\"}]}<\/script>\n<!-- \/ Yoast SEO plugin. -->","yoast_head_json":{"title":"Eu tenho uma voz - Childhood Brasil","robots":{"index":"index","follow":"follow","max-snippet":"max-snippet:-1","max-image-preview":"max-image-preview:large","max-video-preview":"max-video-preview:-1"},"canonical":"https:\/\/www.childhood.org.br\/eu-tenho-uma-voz\/","og_locale":"pt_BR","og_type":"article","og_title":"Eu tenho uma voz - Childhood Brasil","og_description":"Gabi \u00e9 a personagem principal desse musical de 8 minutos e sua hist\u00f3ria \u00e9 apresentada em tr\u00eas tempos: 8, 13 e 32 anos de idade. A ideia \u00e9 mostrar para o p\u00fablico como a viol\u00eancia marcou a sua vida e que o problema n\u00e3o deixa de existir quando se escolhe n\u00e3o falar sobre ele \u2013 [&hellip;]","og_url":"https:\/\/www.childhood.org.br\/eu-tenho-uma-voz\/","og_site_name":"Childhood Brasil","article_modified_time":"2023-05-15T19:24:10+00:00","og_image":[{"url":"https:\/\/ch-wordpress.s3.amazonaws.com\/uploads\/2023\/05\/todesplay-eu-tenho-voz.jpg"}],"twitter_card":"summary_large_image","twitter_misc":{"Est. tempo de leitura":"6 minutos"},"schema":{"@context":"https:\/\/schema.org","@graph":[{"@type":"WebPage","@id":"https:\/\/www.childhood.org.br\/eu-tenho-uma-voz\/","url":"https:\/\/www.childhood.org.br\/eu-tenho-uma-voz\/","name":"Eu tenho uma voz - Childhood Brasil","isPartOf":{"@id":"https:\/\/www.childhood.org.br\/#website"},"datePublished":"2023-05-09T23:05:14+00:00","dateModified":"2023-05-15T19:24:10+00:00","breadcrumb":{"@id":"https:\/\/www.childhood.org.br\/eu-tenho-uma-voz\/#breadcrumb"},"inLanguage":"pt-BR","potentialAction":[{"@type":"ReadAction","target":["https:\/\/www.childhood.org.br\/eu-tenho-uma-voz\/"]}]},{"@type":"BreadcrumbList","@id":"https:\/\/www.childhood.org.br\/eu-tenho-uma-voz\/#breadcrumb","itemListElement":[{"@type":"ListItem","position":1,"name":"Home","item":"https:\/\/www.childhood.org.br\/"},{"@type":"ListItem","position":2,"name":"Eu tenho uma voz"}]},{"@type":"WebSite","@id":"https:\/\/www.childhood.org.br\/#website","url":"https:\/\/www.childhood.org.br\/","name":"Childhood Brasil","description":"Pioneiros na luta contra o abuso e a explora\u00e7\u00e3o sexual DE crian\u00e7as e adolescentes","potentialAction":[{"@type":"SearchAction","target":{"@type":"EntryPoint","urlTemplate":"https:\/\/www.childhood.org.br\/?s={search_term_string}"},"query-input":"required name=search_term_string"}],"inLanguage":"pt-BR"}]}},"_links":{"self":[{"href":"https:\/\/www.childhood.org.br\/api\/wp\/v2\/pages\/3102","targetHints":{"allow":["GET"]}}],"collection":[{"href":"https:\/\/www.childhood.org.br\/api\/wp\/v2\/pages"}],"about":[{"href":"https:\/\/www.childhood.org.br\/api\/wp\/v2\/types\/page"}],"author":[{"embeddable":true,"href":"https:\/\/www.childhood.org.br\/api\/wp\/v2\/users\/1"}],"replies":[{"embeddable":true,"href":"https:\/\/www.childhood.org.br\/api\/wp\/v2\/comments?post=3102"}],"version-history":[{"count":94,"href":"https:\/\/www.childhood.org.br\/api\/wp\/v2\/pages\/3102\/revisions"}],"predecessor-version":[{"id":3403,"href":"https:\/\/www.childhood.org.br\/api\/wp\/v2\/pages\/3102\/revisions\/3403"}],"wp:attachment":[{"href":"https:\/\/www.childhood.org.br\/api\/wp\/v2\/media?parent=3102"}],"wp:term":[{"taxonomy":"page_group","embeddable":true,"href":"https:\/\/www.childhood.org.br\/api\/wp\/v2\/page_group?post=3102"}],"curies":[{"name":"wp","href":"https:\/\/api.w.org\/{rel}","templated":true}]}}