{"id":2254,"date":"2012-05-09T17:19:06","date_gmt":"2012-05-09T20:19:06","guid":{"rendered":"https:\/\/childhoodbrasil.c7net.com.br\/?p=2254"},"modified":"2026-01-26T11:08:27","modified_gmt":"2026-01-26T14:08:27","slug":"centro-de-referencia-as-vitimas-de-violencia-possui-nova-sede-em-sao-paulo","status":"publish","type":"acoes-e-iniciativas","link":"https:\/\/www.childhood.org.br\/acoes-e-iniciativas\/centro-de-referencia-as-vitimas-de-violencia-possui-nova-sede-em-sao-paulo\/","title":{"rendered":"Centro de Refer\u00eancia \u00e0s V\u00edtimas de Viol\u00eancia possui nova sede em S\u00e3o Paulo"},"content":{"rendered":"<div class=\"texto-noticia\">Crian\u00e7as e adolescentes v\u00edtimas de viol\u00eancia e seus familiares podem contar com mais um servi\u00e7o de atendimento na cidade de S\u00e3o Paulo.\u00a0<a href=\"http:\/\/sedes.org.br\/site\/cnrvv\">O<\/a>\u00a0<strong><a href=\"http:\/\/sedes.org.br\/site\/cnrvv\">Centro de Refer\u00eancia \u00e0s V\u00edtimas de Viol\u00eancia \u2013 CNRVV<\/a><\/strong>\u00a0, criado h\u00e1 doze anos pelo Instituto Sedes Sapientiae, no bairro de Perdizes, em S\u00e3o Paulo, agora funciona tamb\u00e9m no Butant\u00e3.<\/p>\n<p>Com a nova unidade, inaugurada em fevereiro, al\u00e9m das cerca de 130 pessoas atendidas em Perdizes, a institui\u00e7\u00e3o tem capacidade para tratamento de mais 80 crian\u00e7as e adolescentes. \u201cEste n\u00famero acaba sendo at\u00e9 maior, porque atendemos ainda os familiares de v\u00edtimas de viol\u00eancia sexual, f\u00edsica ou qualquer tipo de neglig\u00eancia\u201d, explica a coordenadora do CNRVV do Butant\u00e3, Michelle Barros Marques dos Santos.<\/p>\n<p>Os casos s\u00e3o encaminhados ao local por \u00f3rg\u00e3os de Justi\u00e7a, hospitais e escolas. A demanda espont\u00e2nea tamb\u00e9m ocorre quando a pr\u00f3pria fam\u00edlia busca o servi\u00e7o, mas \u00e9 bem menor.<\/p>\n<p>O atendimento \u00e9 psicossocial, utilizando t\u00e9cnicas psicodram\u00e1ticas, psicanal\u00edticas ou sist\u00eamicas, realizado por equipes de psic\u00f3logos, assistentes sociais e educadores. S\u00e3o oferecidas tamb\u00e9m oficinas, assist\u00eancias em grupo e individual. A institui\u00e7\u00e3o \u00e9 conveniada \u00e0 Secretaria Municipal de Assist\u00eancia e Desenvolvimento Social (SMADS).<\/p>\n<p>O CNRVV de Perdizes desenvolve tamb\u00e9m programas de preven\u00e7\u00e3o, forma\u00e7\u00e3o de profissionais e pesquisas para acabar com o ciclo do abuso sexual que muitas vezes transforma a v\u00edtima em futuro agressor.<\/p>\n<p><strong>Mais informa\u00e7\u00f5es<\/strong><\/p>\n<p>Centro de Refer\u00eancia \u00e0s V\u00edtimas de Viol\u00eancia do Butant\u00e3 \u2013 CNRVV<\/p>\n<p>Rua Rio Azul, 350 (travessa da Eliseu de Almeida), pr\u00f3ximo ao shopping Butant\u00e3<\/p>\n<p>Fone: (11) 2538-0988<\/p><\/div>\n<div class=\"row dados-publicacao\"><\/div>\n","protected":false},"featured_media":0,"template":"","meta":{"_acf_changed":false},"tags":[],"class_list":["post-2254","acoes-e-iniciativas","type-acoes-e-iniciativas","status-publish","hentry"],"acf":[],"yoast_head":"<!-- This site is optimized with the Yoast SEO plugin v19.14 - https:\/\/yoast.com\/wordpress\/plugins\/seo\/ -->\n<title>Centro de Refer\u00eancia \u00e0s V\u00edtimas de Viol\u00eancia possui nova sede em S\u00e3o Paulo - Childhood Brasil<\/title>\n<meta name=\"robots\" content=\"index, follow, max-snippet:-1, max-image-preview:large, max-video-preview:-1\" \/>\n<link rel=\"canonical\" href=\"https:\/\/www.childhood.org.br\/acoes-e-iniciativas\/centro-de-referencia-as-vitimas-de-violencia-possui-nova-sede-em-sao-paulo\/\" \/>\n<meta property=\"og:locale\" content=\"pt_BR\" \/>\n<meta property=\"og:type\" content=\"article\" \/>\n<meta property=\"og:title\" content=\"Centro de Refer\u00eancia \u00e0s V\u00edtimas de Viol\u00eancia possui nova sede em S\u00e3o Paulo - Childhood Brasil\" \/>\n<meta property=\"og:description\" content=\"Crian\u00e7as e adolescentes v\u00edtimas de viol\u00eancia e seus familiares podem contar com mais um servi\u00e7o de atendimento na cidade de S\u00e3o Paulo.\u00a0O\u00a0Centro de Refer\u00eancia \u00e0s V\u00edtimas de Viol\u00eancia \u2013 CNRVV\u00a0, criado h\u00e1 doze anos pelo Instituto Sedes Sapientiae, no bairro de Perdizes, em S\u00e3o Paulo, agora funciona tamb\u00e9m no Butant\u00e3. Com a nova unidade, inaugurada [&hellip;]\" \/>\n<meta property=\"og:url\" content=\"https:\/\/www.childhood.org.br\/acoes-e-iniciativas\/centro-de-referencia-as-vitimas-de-violencia-possui-nova-sede-em-sao-paulo\/\" \/>\n<meta property=\"og:site_name\" content=\"Childhood Brasil\" \/>\n<meta property=\"article:modified_time\" content=\"2026-01-26T14:08:27+00:00\" \/>\n<meta name=\"twitter:card\" content=\"summary_large_image\" \/>\n<meta name=\"twitter:label1\" content=\"Est. tempo de leitura\" \/>\n\t<meta name=\"twitter:data1\" content=\"2 minutos\" \/>\n<script type=\"application\/ld+json\" class=\"yoast-schema-graph\">{\"@context\":\"https:\/\/schema.org\",\"@graph\":[{\"@type\":\"WebPage\",\"@id\":\"https:\/\/www.childhood.org.br\/acoes-e-iniciativas\/centro-de-referencia-as-vitimas-de-violencia-possui-nova-sede-em-sao-paulo\/\",\"url\":\"https:\/\/www.childhood.org.br\/acoes-e-iniciativas\/centro-de-referencia-as-vitimas-de-violencia-possui-nova-sede-em-sao-paulo\/\",\"name\":\"Centro de Refer\u00eancia \u00e0s V\u00edtimas de Viol\u00eancia possui nova sede em S\u00e3o Paulo - Childhood Brasil\",\"isPartOf\":{\"@id\":\"https:\/\/www.childhood.org.br\/#website\"},\"datePublished\":\"2012-05-09T20:19:06+00:00\",\"dateModified\":\"2026-01-26T14:08:27+00:00\",\"breadcrumb\":{\"@id\":\"https:\/\/www.childhood.org.br\/acoes-e-iniciativas\/centro-de-referencia-as-vitimas-de-violencia-possui-nova-sede-em-sao-paulo\/#breadcrumb\"},\"inLanguage\":\"pt-BR\",\"potentialAction\":[{\"@type\":\"ReadAction\",\"target\":[\"https:\/\/www.childhood.org.br\/acoes-e-iniciativas\/centro-de-referencia-as-vitimas-de-violencia-possui-nova-sede-em-sao-paulo\/\"]}]},{\"@type\":\"BreadcrumbList\",\"@id\":\"https:\/\/www.childhood.org.br\/acoes-e-iniciativas\/centro-de-referencia-as-vitimas-de-violencia-possui-nova-sede-em-sao-paulo\/#breadcrumb\",\"itemListElement\":[{\"@type\":\"ListItem\",\"position\":1,\"name\":\"Home\",\"item\":\"https:\/\/www.childhood.org.br\/\"},{\"@type\":\"ListItem\",\"position\":2,\"name\":\"Iniciativas Childhood\",\"item\":\"https:\/\/www.childhood.org.br\/acoes-e-iniciativas\/\"},{\"@type\":\"ListItem\",\"position\":3,\"name\":\"Centro de Refer\u00eancia \u00e0s V\u00edtimas de Viol\u00eancia possui nova sede em S\u00e3o Paulo\"}]},{\"@type\":\"WebSite\",\"@id\":\"https:\/\/www.childhood.org.br\/#website\",\"url\":\"https:\/\/www.childhood.org.br\/\",\"name\":\"Childhood Brasil\",\"description\":\"Pioneiros na luta contra o abuso e a explora\u00e7\u00e3o sexual DE crian\u00e7as e adolescentes\",\"potentialAction\":[{\"@type\":\"SearchAction\",\"target\":{\"@type\":\"EntryPoint\",\"urlTemplate\":\"https:\/\/www.childhood.org.br\/?s={search_term_string}\"},\"query-input\":\"required name=search_term_string\"}],\"inLanguage\":\"pt-BR\"}]}<\/script>\n<!-- \/ Yoast SEO plugin. -->","yoast_head_json":{"title":"Centro de Refer\u00eancia \u00e0s V\u00edtimas de Viol\u00eancia possui nova sede em S\u00e3o Paulo - Childhood Brasil","robots":{"index":"index","follow":"follow","max-snippet":"max-snippet:-1","max-image-preview":"max-image-preview:large","max-video-preview":"max-video-preview:-1"},"canonical":"https:\/\/www.childhood.org.br\/acoes-e-iniciativas\/centro-de-referencia-as-vitimas-de-violencia-possui-nova-sede-em-sao-paulo\/","og_locale":"pt_BR","og_type":"article","og_title":"Centro de Refer\u00eancia \u00e0s V\u00edtimas de Viol\u00eancia possui nova sede em S\u00e3o Paulo - Childhood Brasil","og_description":"Crian\u00e7as e adolescentes v\u00edtimas de viol\u00eancia e seus familiares podem contar com mais um servi\u00e7o de atendimento na cidade de S\u00e3o Paulo.\u00a0O\u00a0Centro de Refer\u00eancia \u00e0s V\u00edtimas de Viol\u00eancia \u2013 CNRVV\u00a0, criado h\u00e1 doze anos pelo Instituto Sedes Sapientiae, no bairro de Perdizes, em S\u00e3o Paulo, agora funciona tamb\u00e9m no Butant\u00e3. Com a nova unidade, inaugurada [&hellip;]","og_url":"https:\/\/www.childhood.org.br\/acoes-e-iniciativas\/centro-de-referencia-as-vitimas-de-violencia-possui-nova-sede-em-sao-paulo\/","og_site_name":"Childhood Brasil","article_modified_time":"2026-01-26T14:08:27+00:00","twitter_card":"summary_large_image","twitter_misc":{"Est. tempo de leitura":"2 minutos"},"schema":{"@context":"https:\/\/schema.org","@graph":[{"@type":"WebPage","@id":"https:\/\/www.childhood.org.br\/acoes-e-iniciativas\/centro-de-referencia-as-vitimas-de-violencia-possui-nova-sede-em-sao-paulo\/","url":"https:\/\/www.childhood.org.br\/acoes-e-iniciativas\/centro-de-referencia-as-vitimas-de-violencia-possui-nova-sede-em-sao-paulo\/","name":"Centro de Refer\u00eancia \u00e0s V\u00edtimas de Viol\u00eancia possui nova sede em S\u00e3o Paulo - Childhood Brasil","isPartOf":{"@id":"https:\/\/www.childhood.org.br\/#website"},"datePublished":"2012-05-09T20:19:06+00:00","dateModified":"2026-01-26T14:08:27+00:00","breadcrumb":{"@id":"https:\/\/www.childhood.org.br\/acoes-e-iniciativas\/centro-de-referencia-as-vitimas-de-violencia-possui-nova-sede-em-sao-paulo\/#breadcrumb"},"inLanguage":"pt-BR","potentialAction":[{"@type":"ReadAction","target":["https:\/\/www.childhood.org.br\/acoes-e-iniciativas\/centro-de-referencia-as-vitimas-de-violencia-possui-nova-sede-em-sao-paulo\/"]}]},{"@type":"BreadcrumbList","@id":"https:\/\/www.childhood.org.br\/acoes-e-iniciativas\/centro-de-referencia-as-vitimas-de-violencia-possui-nova-sede-em-sao-paulo\/#breadcrumb","itemListElement":[{"@type":"ListItem","position":1,"name":"Home","item":"https:\/\/www.childhood.org.br\/"},{"@type":"ListItem","position":2,"name":"Iniciativas Childhood","item":"https:\/\/www.childhood.org.br\/acoes-e-iniciativas\/"},{"@type":"ListItem","position":3,"name":"Centro de Refer\u00eancia \u00e0s V\u00edtimas de Viol\u00eancia possui nova sede em S\u00e3o Paulo"}]},{"@type":"WebSite","@id":"https:\/\/www.childhood.org.br\/#website","url":"https:\/\/www.childhood.org.br\/","name":"Childhood Brasil","description":"Pioneiros na luta contra o abuso e a explora\u00e7\u00e3o sexual DE crian\u00e7as e adolescentes","potentialAction":[{"@type":"SearchAction","target":{"@type":"EntryPoint","urlTemplate":"https:\/\/www.childhood.org.br\/?s={search_term_string}"},"query-input":"required name=search_term_string"}],"inLanguage":"pt-BR"}]}},"_links":{"self":[{"href":"https:\/\/www.childhood.org.br\/api\/wp\/v2\/acoes-e-iniciativas\/2254","targetHints":{"allow":["GET"]}}],"collection":[{"href":"https:\/\/www.childhood.org.br\/api\/wp\/v2\/acoes-e-iniciativas"}],"about":[{"href":"https:\/\/www.childhood.org.br\/api\/wp\/v2\/types\/acoes-e-iniciativas"}],"wp:attachment":[{"href":"https:\/\/www.childhood.org.br\/api\/wp\/v2\/media?parent=2254"}],"wp:term":[{"taxonomy":"post_tag","embeddable":true,"href":"https:\/\/www.childhood.org.br\/api\/wp\/v2\/tags?post=2254"}],"curies":[{"name":"wp","href":"https:\/\/api.w.org\/{rel}","templated":true}]}}