{"id":1768,"date":"2014-07-16T17:01:17","date_gmt":"2014-07-16T20:01:17","guid":{"rendered":"https:\/\/childhoodbrasil.c7net.com.br\/?p=1768"},"modified":"2026-01-26T11:07:55","modified_gmt":"2026-01-26T14:07:55","slug":"jovens-sao-protagonistas-em-projetos-sobre-a-protecao-dos-direitos-da-infancia-durante-o-mundial","status":"publish","type":"acoes-e-iniciativas","link":"https:\/\/www.childhood.org.br\/acoes-e-iniciativas\/jovens-sao-protagonistas-em-projetos-sobre-a-protecao-dos-direitos-da-infancia-durante-o-mundial\/","title":{"rendered":"Jovens s\u00e3o protagonistas em projetos sobre a prote\u00e7\u00e3o dos direitos da inf\u00e2ncia durante o Mundial"},"content":{"rendered":"<p>Projeto Soldado An\u00f4nimo | Foto: Ricardo Aleixo.<\/p>\n<p>Durante o Mundial de Futebol, muita gente trabalhou pelos direitos de crian\u00e7as e adolescentes. \u00c9 o caso dos jovens que, em nove cidades-sede, se mobilizaram para enfrentar a explora\u00e7\u00e3o sexual de crian\u00e7as e adolescentes, nos projetos apoiados pela\u00a0<b>Childhood Brasil<\/b>, em parceria com a\u00a0<a title=\"Funda\u00e7\u00e3o OAK\" href=\"http:\/\/www.oakfnd.org\/\">Funda\u00e7\u00e3o OAK<\/a>.<\/p>\n<p>Como resultado do edital \u201cProte\u00e7\u00e3o de crian\u00e7as e adolescentes durante a Copa do Mundo 2014\u201d, lan\u00e7ado em 2013, nove projetos liderados por jovens foram escolhidos para serem apoiados pela\u00a0<b>Childhood Brasil<\/b>. O objetivo foi desenvolver e implantar, durante o Mundial de Futebol, atividades focadas na prote\u00e7\u00e3o dos direitos de crian\u00e7as e adolescentes em cidades-sede da Copa.<\/p>\n<p>O\u00a0<b>\u201cSoldado An\u00f4nimo &#8211; Voz para as cabe\u00e7as\u201d<\/b>\u00a0(Rio de Janeiro, RJ) sugeriu contribuir para uma melhor circula\u00e7\u00e3o de informa\u00e7\u00f5es referentes \u00e0 Prote\u00e7\u00e3o das Crian\u00e7as e Adolescentes, atrav\u00e9s da democratiza\u00e7\u00e3o da comunica\u00e7\u00e3o sobre o tema, em formatos e m\u00eddias inovadores. Os jovens focaram em realizar \u201cinterven\u00e7\u00f5es urbanas\u201d, buscando conscientizar moradores e turistas sobre os direitos de crian\u00e7as e adolescentes. Saiba mais sobre o projeto:\u00a0<a href=\"http:\/\/www.cecip.org.br\/site\/soldado-anonimo\/\">http:\/\/www.cecip.org.br\/site\/soldado-anonimo\/<\/a><\/p>\n<p>Os participantes do projeto\u00a0<b>\u201cNa Linha do Gol\u201d<\/b>\u00a0(Salvador, BA) produziram v\u00eddeos de enfrentamento ao abuso e \u00e0 explora\u00e7\u00e3o sexual de crian\u00e7as e adolescentes e utilizam totens audiovisuais para divulga-los no aeroporto de Salvador, na rodovi\u00e1ria e no Pelourinho.<\/p>\n<p>No projeto\u00a0<b>\u201cVirando o Jogo\u201d<\/b>\u00a0(Natal, RN), oitenta jovens foram capacitados e posteriormente passaram a multiplicar as informa\u00e7\u00f5es para outros jovens. Houve uma intensa troca de informa\u00e7\u00f5es e experi\u00eancias e ajudou no relacionamento entre com mais respeito e compromisso dos acordos estabelecidos.<\/p>\n<p>O\u00a0<b>\u201cPIAR em Ninho Virtual\u201d<\/b>\u00a0(S\u00e3o Paulo, SP) foi organizado pelo Centro de Refer\u00eancia \u00e0s V\u00edtimas de Viol\u00eancia (CNRVV) com o objetivo de incentivar o uso das redes sociais como instrumento de protagonismo e acolhimento \u00e0s quest\u00f5es da juventude. Quarenta jovens foram formados como multiplicadores e contribu\u00edram na elabora\u00e7\u00e3o de uma cartilha educativa: \u201cA\u00e7\u00e3o no presente rea\u00e7\u00e3o no futuro\u201d. Baixe a cartilha aqui:\u00a0<a href=\"http:\/\/www.sedes.org.br\/Centros\/cartilha_PIAR.pdf\" target=\"_blank\" rel=\"noopener\">www.sedes.org.br\/Centros\/cartilha_PIAR.pdf<\/a><\/p>\n<p>J\u00e1 os participantes do projeto\u00a0<b>\u201cMobilizando e Agindo pela Prote\u00e7\u00e3o na Copa 2014\u201d<\/b>\u00a0(Manaus, AM) realizaram o IV Di\u00e1logo Juvenil, que contou com a participa\u00e7\u00e3o de mais de 50 adolescentes. No evento, os jovens puderam relatar experi\u00eancias, o significado dessa a\u00e7\u00e3o do ponto de vista do aprendizado, da informa\u00e7\u00e3o e sensibiliza\u00e7\u00e3o diante dos riscos que poderiam afetar crian\u00e7as e adolescentes no contexto do Mundial e do p\u00f3s-evento.<\/p>\n<p><b>\u201cHomens Jovens Mobilizadores\u201d<\/b>\u00a0(Recife, PE) contou com 20 jovens do sexo masculino, capacitados com estrat\u00e9gias de identifica\u00e7\u00e3o e preven\u00e7\u00e3o da viol\u00eancia sexual por meio da metodologia de educa\u00e7\u00e3o de pares, utilizando o futebol como mote para sensibiliza\u00e7\u00e3o. Os meninos organizaram oficinas para despertar reflex\u00f5es voltadas ao empoderamento e reconhecimento de direitos ligados \u00e0 sa\u00fade, sexualidade, bem estar e problematiza\u00e7\u00e3o das viol\u00eancias contra crian\u00e7as e adolescentes.<\/p>\n<div>\n<p>Quinze jovens participaram do projeto\u00a0<b>\u201cCirco de Todo Mundo por Uma Copa de Todo Mundo\u201d<\/b>\u00a0(Belo Horizonte, MG) com a realiza\u00e7\u00e3o de oficinas de forma\u00e7\u00e3o humana, art\u00edsticas e circenses. Desenvolveram um espet\u00e1culo circense mobilizador, estimulando o bate-papo sobre o enfrentamento do problema.<\/p>\n<p>Doze jovens participaram de encontros de forma\u00e7\u00e3o em direitos humanos e de crian\u00e7as e adolescentes, bem como oficinas de m\u00eddia: fotografia, redes sociais, reportagem e v\u00eddeo, para o projeto\u00a0<b>\u201cConex\u00e3o Copa\u201d<\/b>\u00a0(Curitiba, PR). Os adolescentes organizaram as atividades em entidades, escolas ou espa\u00e7o de conviv\u00eancia juvenil.<\/p>\n<p>O projeto\u00a0<b>\u201cANA nas Escolas\u201d<\/b>\u00a0(Fortaleza, CE) levou a educa\u00e7\u00e3o em autoprote\u00e7\u00e3o nas escolas municipais das regi\u00f5es de maior risco. Foram realizados encontros com professores e alunos, totalizando 134 professores e 467 alunos.<\/p>\n<p>Para saber mais sobre os projetos e suas atua\u00e7\u00f5es, acesse:\u00a0<a href=\"http:\/\/www.childhood.org.br\/como-voce-pode-agir\/se-informe\">http:\/\/www.childhood.org.br\/como-voce-pode-agir\/se-informe<\/a><\/p>\n<\/div>\n","protected":false},"featured_media":0,"template":"","meta":{"_acf_changed":false},"tags":[],"class_list":["post-1768","acoes-e-iniciativas","type-acoes-e-iniciativas","status-publish","hentry"],"acf":[],"yoast_head":"<!-- This site is optimized with the Yoast SEO plugin v19.14 - https:\/\/yoast.com\/wordpress\/plugins\/seo\/ -->\n<title>Jovens s\u00e3o protagonistas em projetos sobre a prote\u00e7\u00e3o dos direitos da inf\u00e2ncia durante o Mundial - Childhood Brasil<\/title>\n<meta name=\"robots\" content=\"index, follow, max-snippet:-1, max-image-preview:large, max-video-preview:-1\" \/>\n<link rel=\"canonical\" href=\"https:\/\/www.childhood.org.br\/acoes-e-iniciativas\/jovens-sao-protagonistas-em-projetos-sobre-a-protecao-dos-direitos-da-infancia-durante-o-mundial\/\" \/>\n<meta property=\"og:locale\" content=\"pt_BR\" \/>\n<meta property=\"og:type\" content=\"article\" \/>\n<meta property=\"og:title\" content=\"Jovens s\u00e3o protagonistas em projetos sobre a prote\u00e7\u00e3o dos direitos da inf\u00e2ncia durante o Mundial - Childhood Brasil\" \/>\n<meta property=\"og:description\" content=\"Projeto Soldado An\u00f4nimo | Foto: Ricardo Aleixo. Durante o Mundial de Futebol, muita gente trabalhou pelos direitos de crian\u00e7as e adolescentes. \u00c9 o caso dos jovens que, em nove cidades-sede, se mobilizaram para enfrentar a explora\u00e7\u00e3o sexual de crian\u00e7as e adolescentes, nos projetos apoiados pela\u00a0Childhood Brasil, em parceria com a\u00a0Funda\u00e7\u00e3o OAK. Como resultado do edital [&hellip;]\" \/>\n<meta property=\"og:url\" content=\"https:\/\/www.childhood.org.br\/acoes-e-iniciativas\/jovens-sao-protagonistas-em-projetos-sobre-a-protecao-dos-direitos-da-infancia-durante-o-mundial\/\" \/>\n<meta property=\"og:site_name\" content=\"Childhood Brasil\" \/>\n<meta property=\"article:modified_time\" content=\"2026-01-26T14:07:55+00:00\" \/>\n<meta name=\"twitter:card\" content=\"summary_large_image\" \/>\n<meta name=\"twitter:label1\" content=\"Est. tempo de leitura\" \/>\n\t<meta name=\"twitter:data1\" content=\"4 minutos\" \/>\n<script type=\"application\/ld+json\" class=\"yoast-schema-graph\">{\"@context\":\"https:\/\/schema.org\",\"@graph\":[{\"@type\":\"WebPage\",\"@id\":\"https:\/\/www.childhood.org.br\/acoes-e-iniciativas\/jovens-sao-protagonistas-em-projetos-sobre-a-protecao-dos-direitos-da-infancia-durante-o-mundial\/\",\"url\":\"https:\/\/www.childhood.org.br\/acoes-e-iniciativas\/jovens-sao-protagonistas-em-projetos-sobre-a-protecao-dos-direitos-da-infancia-durante-o-mundial\/\",\"name\":\"Jovens s\u00e3o protagonistas em projetos sobre a prote\u00e7\u00e3o dos direitos da inf\u00e2ncia durante o Mundial - Childhood Brasil\",\"isPartOf\":{\"@id\":\"https:\/\/www.childhood.org.br\/#website\"},\"datePublished\":\"2014-07-16T20:01:17+00:00\",\"dateModified\":\"2026-01-26T14:07:55+00:00\",\"breadcrumb\":{\"@id\":\"https:\/\/www.childhood.org.br\/acoes-e-iniciativas\/jovens-sao-protagonistas-em-projetos-sobre-a-protecao-dos-direitos-da-infancia-durante-o-mundial\/#breadcrumb\"},\"inLanguage\":\"pt-BR\",\"potentialAction\":[{\"@type\":\"ReadAction\",\"target\":[\"https:\/\/www.childhood.org.br\/acoes-e-iniciativas\/jovens-sao-protagonistas-em-projetos-sobre-a-protecao-dos-direitos-da-infancia-durante-o-mundial\/\"]}]},{\"@type\":\"BreadcrumbList\",\"@id\":\"https:\/\/www.childhood.org.br\/acoes-e-iniciativas\/jovens-sao-protagonistas-em-projetos-sobre-a-protecao-dos-direitos-da-infancia-durante-o-mundial\/#breadcrumb\",\"itemListElement\":[{\"@type\":\"ListItem\",\"position\":1,\"name\":\"Home\",\"item\":\"https:\/\/www.childhood.org.br\/\"},{\"@type\":\"ListItem\",\"position\":2,\"name\":\"Iniciativas Childhood\",\"item\":\"https:\/\/www.childhood.org.br\/acoes-e-iniciativas\/\"},{\"@type\":\"ListItem\",\"position\":3,\"name\":\"Jovens s\u00e3o protagonistas em projetos sobre a prote\u00e7\u00e3o dos direitos da inf\u00e2ncia durante o Mundial\"}]},{\"@type\":\"WebSite\",\"@id\":\"https:\/\/www.childhood.org.br\/#website\",\"url\":\"https:\/\/www.childhood.org.br\/\",\"name\":\"Childhood Brasil\",\"description\":\"Pioneiros na luta contra o abuso e a explora\u00e7\u00e3o sexual DE crian\u00e7as e adolescentes\",\"potentialAction\":[{\"@type\":\"SearchAction\",\"target\":{\"@type\":\"EntryPoint\",\"urlTemplate\":\"https:\/\/www.childhood.org.br\/?s={search_term_string}\"},\"query-input\":\"required name=search_term_string\"}],\"inLanguage\":\"pt-BR\"}]}<\/script>\n<!-- \/ Yoast SEO plugin. -->","yoast_head_json":{"title":"Jovens s\u00e3o protagonistas em projetos sobre a prote\u00e7\u00e3o dos direitos da inf\u00e2ncia durante o Mundial - Childhood Brasil","robots":{"index":"index","follow":"follow","max-snippet":"max-snippet:-1","max-image-preview":"max-image-preview:large","max-video-preview":"max-video-preview:-1"},"canonical":"https:\/\/www.childhood.org.br\/acoes-e-iniciativas\/jovens-sao-protagonistas-em-projetos-sobre-a-protecao-dos-direitos-da-infancia-durante-o-mundial\/","og_locale":"pt_BR","og_type":"article","og_title":"Jovens s\u00e3o protagonistas em projetos sobre a prote\u00e7\u00e3o dos direitos da inf\u00e2ncia durante o Mundial - Childhood Brasil","og_description":"Projeto Soldado An\u00f4nimo | Foto: Ricardo Aleixo. Durante o Mundial de Futebol, muita gente trabalhou pelos direitos de crian\u00e7as e adolescentes. \u00c9 o caso dos jovens que, em nove cidades-sede, se mobilizaram para enfrentar a explora\u00e7\u00e3o sexual de crian\u00e7as e adolescentes, nos projetos apoiados pela\u00a0Childhood Brasil, em parceria com a\u00a0Funda\u00e7\u00e3o OAK. Como resultado do edital [&hellip;]","og_url":"https:\/\/www.childhood.org.br\/acoes-e-iniciativas\/jovens-sao-protagonistas-em-projetos-sobre-a-protecao-dos-direitos-da-infancia-durante-o-mundial\/","og_site_name":"Childhood Brasil","article_modified_time":"2026-01-26T14:07:55+00:00","twitter_card":"summary_large_image","twitter_misc":{"Est. tempo de leitura":"4 minutos"},"schema":{"@context":"https:\/\/schema.org","@graph":[{"@type":"WebPage","@id":"https:\/\/www.childhood.org.br\/acoes-e-iniciativas\/jovens-sao-protagonistas-em-projetos-sobre-a-protecao-dos-direitos-da-infancia-durante-o-mundial\/","url":"https:\/\/www.childhood.org.br\/acoes-e-iniciativas\/jovens-sao-protagonistas-em-projetos-sobre-a-protecao-dos-direitos-da-infancia-durante-o-mundial\/","name":"Jovens s\u00e3o protagonistas em projetos sobre a prote\u00e7\u00e3o dos direitos da inf\u00e2ncia durante o Mundial - Childhood Brasil","isPartOf":{"@id":"https:\/\/www.childhood.org.br\/#website"},"datePublished":"2014-07-16T20:01:17+00:00","dateModified":"2026-01-26T14:07:55+00:00","breadcrumb":{"@id":"https:\/\/www.childhood.org.br\/acoes-e-iniciativas\/jovens-sao-protagonistas-em-projetos-sobre-a-protecao-dos-direitos-da-infancia-durante-o-mundial\/#breadcrumb"},"inLanguage":"pt-BR","potentialAction":[{"@type":"ReadAction","target":["https:\/\/www.childhood.org.br\/acoes-e-iniciativas\/jovens-sao-protagonistas-em-projetos-sobre-a-protecao-dos-direitos-da-infancia-durante-o-mundial\/"]}]},{"@type":"BreadcrumbList","@id":"https:\/\/www.childhood.org.br\/acoes-e-iniciativas\/jovens-sao-protagonistas-em-projetos-sobre-a-protecao-dos-direitos-da-infancia-durante-o-mundial\/#breadcrumb","itemListElement":[{"@type":"ListItem","position":1,"name":"Home","item":"https:\/\/www.childhood.org.br\/"},{"@type":"ListItem","position":2,"name":"Iniciativas Childhood","item":"https:\/\/www.childhood.org.br\/acoes-e-iniciativas\/"},{"@type":"ListItem","position":3,"name":"Jovens s\u00e3o protagonistas em projetos sobre a prote\u00e7\u00e3o dos direitos da inf\u00e2ncia durante o Mundial"}]},{"@type":"WebSite","@id":"https:\/\/www.childhood.org.br\/#website","url":"https:\/\/www.childhood.org.br\/","name":"Childhood Brasil","description":"Pioneiros na luta contra o abuso e a explora\u00e7\u00e3o sexual DE crian\u00e7as e adolescentes","potentialAction":[{"@type":"SearchAction","target":{"@type":"EntryPoint","urlTemplate":"https:\/\/www.childhood.org.br\/?s={search_term_string}"},"query-input":"required name=search_term_string"}],"inLanguage":"pt-BR"}]}},"_links":{"self":[{"href":"https:\/\/www.childhood.org.br\/api\/wp\/v2\/acoes-e-iniciativas\/1768","targetHints":{"allow":["GET"]}}],"collection":[{"href":"https:\/\/www.childhood.org.br\/api\/wp\/v2\/acoes-e-iniciativas"}],"about":[{"href":"https:\/\/www.childhood.org.br\/api\/wp\/v2\/types\/acoes-e-iniciativas"}],"wp:attachment":[{"href":"https:\/\/www.childhood.org.br\/api\/wp\/v2\/media?parent=1768"}],"wp:term":[{"taxonomy":"post_tag","embeddable":true,"href":"https:\/\/www.childhood.org.br\/api\/wp\/v2\/tags?post=1768"}],"curies":[{"name":"wp","href":"https:\/\/api.w.org\/{rel}","templated":true}]}}